{"id":16749,"date":"2023-06-09T16:45:35","date_gmt":"2023-06-09T14:45:35","guid":{"rendered":"https:\/\/producersart.com\/?post_type=product&#038;p=16749"},"modified":"2023-06-09T16:45:36","modified_gmt":"2023-06-09T14:45:36","slug":"po-adh10","status":"publish","type":"product","link":"https:\/\/producersart.com\/index.php\/product\/po-adh10\/","title":{"rendered":"PO ADH10"},"content":{"rendered":"<p>So mochte ich still und heimlich mir Eine Zauberhalle bereiten\u00ab<br \/>\nDas gro\u00dfe Thema im Leben der Annette von Droste-H\u00fclshoff ist die Natur.<br \/>\nDie Portraitzeichnungen der Dichterin sind als MixedMedia umgesetzt, mit digitaler Illustration und Zeichnung, kombiniert mit manuellem Hochdruck.<br \/>\nDas Antlitz der Dichterin verschmilzt dabei mit dem gro\u00dfen Thema ihres Lebens. Doch Sonja Heller erz\u00e4hlt hier ihre eigene Geschichte einer K\u00fcnstlerin aus der Biedermeier-Zeit, zeigt ihre eigenen Momentaufnahmen der Dichterin ohne Dichter-Leben, der Frau ohne Ehe-Leben, der tempor\u00e4ren Muse, der Suchenden und der ewigen Tochter.<\/p>\n<p>MixedMedia, analog &amp; digital<br \/>\n2022<br \/>\nZeichnung, Grafik als Gicl\u00e9e Print auf Hahnem\u00fchle Baumwollpapier, Hochdruck in der Farbvariante Schwarz<br \/>\n20x20cm<br \/>\nEdition: 5<\/p>\n<p>So I liked to quietly and secretly prepare myself a magic hall&quot;.<br \/>\nThe great theme in the life of Annette von Droste-H\u00fclshoff is nature.<br \/>\nThe poet&#039;s portrait drawings are realised as mixed media, with digital illustration and drawing combined with manual relief printing.<br \/>\nThe poet&#039;s face merges with the great theme of her life. But Sonja Heller tells her own story of an artist from the Biedermeier era, shows her own snapshots of the poetess without a poet&#039;s life, the woman without a married life, the temporary muse, the seeker and the eternal daughter.<\/p>\n<p>MixedMedia, analogue &amp; digital<br \/>\n2022<br \/>\nDrawing, graphic as gicl\u00e9e print on Hahnem\u00fchle cotton paper, letterpress in the colour variation black<br \/>\n20x20cm<br \/>\nEdition: 5<\/p>\n","protected":false},"excerpt":{"rendered":"<p>Portrait Annette von Droste-H\u00fclshoff<\/p>\n","protected":false},"featured_media":16748,"template":"","meta":{"_acf_changed":false,"_et_pb_use_builder":"","_et_pb_old_content":"","_et_gb_content_width":""},"product_cat":[29],"product_tag":[],"acf":[],"_links":{"self":[{"href":"https:\/\/producersart.com\/index.php\/wp-json\/wp\/v2\/product\/16749"}],"collection":[{"href":"https:\/\/producersart.com\/index.php\/wp-json\/wp\/v2\/product"}],"about":[{"href":"https:\/\/producersart.com\/index.php\/wp-json\/wp\/v2\/types\/product"}],"wp:featuredmedia":[{"embeddable":true,"href":"https:\/\/producersart.com\/index.php\/wp-json\/wp\/v2\/media\/16748"}],"wp:attachment":[{"href":"https:\/\/producersart.com\/index.php\/wp-json\/wp\/v2\/media?parent=16749"}],"wp:term":[{"taxonomy":"product_cat","embeddable":true,"href":"https:\/\/producersart.com\/index.php\/wp-json\/wp\/v2\/product_cat?post=16749"},{"taxonomy":"product_tag","embeddable":true,"href":"https:\/\/producersart.com\/index.php\/wp-json\/wp\/v2\/product_tag?post=16749"}],"curies":[{"name":"wp","href":"https:\/\/api.w.org\/{rel}","templated":true}]}}